{"id":13,"date":"2015-02-18T20:20:43","date_gmt":"2015-02-18T20:20:43","guid":{"rendered":"http:\/\/gs-ig-bayern-opf.de\/wordpress\/?page_id=13"},"modified":"2015-09-01T22:03:07","modified_gmt":"2015-09-01T20:03:07","slug":"suzuki-gs-interessengemeinschaft","status":"publish","type":"page","link":"https:\/\/gs-ig-bayern-opf.de\/","title":{"rendered":"Suzuki GS Interessengemeinschaft"},"content":{"rendered":"<div class=\"fa-slideshow fa_slider_simple dark\" style=\"margin-top:0px; margin-bottom:0px;margin-left:auto; margin-right: auto;font-size:100%;\" id=\"fa-slider-606\" data-auto_slide=\"\" data-slide_duration=\"5\" data-effect_duration=\"0.6\" data-click_stop=\"\" data-cycle=\"1\" data-distance_in=\"0\" data-distance_out=\"0\" data-position_in=\"left\" data-position_out=\"right\" data-event=\"click\" data-effect=\"\" data-width=\"750\" data-height=\"500\" data-height_resize=\"\" data-fullwidth=\"\" data-font_size=\"100\" data-is_mobile=\"\" data-theme_opt_show_timer=\"1\" data-theme_opt_auto_resize=\"\">\r\n\t\t<div class=\"fa_slide \" style=\"\">\r\n\t\t\r\n\t\t<div class=\"fa_slide_content\">\t\r\n\t\t\t<h2><a href=\"https:\/\/gs-ig-bayern-opf.de\/?p=1173\" title=\"GS-IG-Bayern Urlaubswochenende\" target=\"_self\">GS-IG-Bayern Urlaubswochenende<\/a><\/h2>\t\t\t<div class=\"description\"><p><a href=\"https:\/\/gs-ig-bayern-opf.de\/wordpress\/wp-content\/uploads\/2024\/03\/P1030308-1-1024x768-1.jpg\"><\/a><\/p>\n<p>Wir haben wiedermal die Bahnerh\u00fctte gebucht in Friedenfels B\u00e4rnh\u00f6he<\/p>\n<p>Anreise : m\u00f6glich am 05.07.   ab 15.00 Uhr   Abreise : 07.07.2024<\/p>\n<p>am 06.07. fahren wir zum B\u00e4rnauergeschichtspark **** vorher Mittagessen unterwegs<\/p>\n<p>am Abend grillen an der H\u00fctte mit Bier und lecker Essen<\/p>\n<p>am Sonntag gem\u00fctliches Fr\u00fchst\u00fcck       <\/p>\n<\/div>\t\t\t<a href=\"https:\/\/gs-ig-bayern-opf.de\/?p=1173\" title=\"GS-IG-Bayern Urlaubswochenende\" target=\"_self\" class=\"fa_read_more\">weiter lesen<\/a>\t\t\t\t\t<\/div>\r\n\t\t<div class=\"fa_image\"><div class=\"fa-image-container\" ><img class=\"fa_slide_image main-image\" src=\"https:\/\/gs-ig-bayern-opf.de\/wordpress\/wp-content\/uploads\/2024\/03\/P1030308-1-1024x768-1.jpg\" width=\"0\" height=\"0\" data-width=\"0\" data-height=\"0\" style=\"\" alt=\"\" \/><\/div><\/div>\t\t\t\r\n\t\t\t\r\n\t<\/div>\t\r\n\t\t<div class=\"fa_slide \" style=\"\">\r\n\t\t\r\n\t\t<div class=\"fa_slide_content\">\t\r\n\t\t\t<h2><a href=\"https:\/\/gs-ig-bayern-opf.de\/?p=1170\" title=\"Maiausfahrt am 04.05.2024\" target=\"_self\">Maiausfahrt am 04.05.2024<\/a><\/h2>\t\t\t<div class=\"description\"><p><a href=\"https:\/\/gs-ig-bayern-opf.de\/wordpress\/wp-content\/uploads\/2024\/03\/Screenshot-2024-03-13-at-19-28-03-Bayerisches-Brauereimuseum-Kulmbacher-Moenchshof.png\"><\/a><\/p>\n<p>Wir fahren nach Kulmbach ins M\u00f6nchshofer Biermuseum mit deftigen Mittagessen<\/p>\n<p>Treffen bei Haase und Berni <\/p>\n<p>Am : 04.05.2024<\/p>\n<p>Um :10.30 Uhr<\/p>\n<p>Wo :  in Zettlitz<\/p>\n<\/div>\t\t\t<a href=\"https:\/\/gs-ig-bayern-opf.de\/?p=1170\" title=\"Maiausfahrt am 04.05.2024\" target=\"_self\" class=\"fa_read_more\">weiter lesen<\/a>\t\t\t\t\t<\/div>\r\n\t\t<div class=\"fa_image\"><div class=\"fa-image-container\" ><img class=\"fa_slide_image main-image\" src=\"https:\/\/gs-ig-bayern-opf.de\/wordpress\/wp-content\/uploads\/2024\/03\/Screenshot-2024-03-13-at-19-28-03-Bayerisches-Brauereimuseum-Kulmbacher-Moenchshof.png\" width=\"0\" height=\"0\" data-width=\"0\" data-height=\"0\" style=\"\" alt=\"\" \/><\/div><\/div>\t\t\t\r\n\t\t\t\r\n\t<\/div>\t\r\n\t\t<div class=\"fa_slide \" style=\"\">\r\n\t\t\r\n\t\t<div class=\"fa_slide_content\">\t\r\n\t\t\t<h2><a href=\"https:\/\/gs-ig-bayern-opf.de\/?p=1167\" title=\"Stammtisch am 20.04.2024\" target=\"_self\">Stammtisch am 20.04.2024<\/a><\/h2>\t\t\t<div class=\"description\">\n<p><a href=\"https:\/\/gs-ig-bayern-opf.de\/wordpress\/wp-content\/uploads\/2024\/03\/FB_IMG_16545419976071.jpg\"><\/a><\/p>\n<p class=\"has-text-align-center\">Der n\u00e4chste Stammtisch findet bei Diana und Atze satt.<\/p>\n<p>Am : 20.04.2024<\/p>\n<p>Um : 19.00 Uhr<\/p>\n<p>Wo : teilt uns Atze per WhatsApp mit<\/p>\n<\/div>\t\t\t<a href=\"https:\/\/gs-ig-bayern-opf.de\/?p=1167\" title=\"Stammtisch am 20.04.2024\" target=\"_self\" class=\"fa_read_more\">weiter lesen<\/a>\t\t\t\t\t<\/div>\r\n\t\t<div class=\"fa_image\"><div class=\"fa-image-container\" ><img class=\"fa_slide_image main-image\" src=\"https:\/\/gs-ig-bayern-opf.de\/wordpress\/wp-content\/uploads\/2024\/03\/20230903_1030451-150x150.jpg\" width=\"150\" height=\"150\" data-width=\"150\" data-height=\"150\" style=\"\" alt=\"\" \/><\/div><\/div>\t\t\t\r\n\t\t\t\r\n\t<\/div>\t\r\n\t\t<div class=\"fa_slide \" style=\"\">\r\n\t\t\r\n\t\t<div class=\"fa_slide_content\">\t\r\n\t\t\t<h2><a href=\"https:\/\/gs-ig-bayern-opf.de\/?p=1154\" title=\"Werkstatt Zettlitz\" target=\"_self\">Werkstatt Zettlitz<\/a><\/h2>\t\t\t<div class=\"description\"><p><a href=\"https:\/\/gs-ig-bayern-opf.de\/wordpress\/wp-content\/uploads\/2023\/09\/20230817_1136541-scaled.jpg\"><\/a><\/p>\n<p><a href=\"https:\/\/gs-ig-bayern-opf.de\/wordpress\/wp-content\/uploads\/2023\/09\/20230817_1135571-scaled.jpg\"><\/a><\/p>\n<p><a href=\"https:\/\/gs-ig-bayern-opf.de\/wordpress\/wp-content\/uploads\/2023\/09\/20230817_1135491-scaled.jpg\"><\/a><\/p>\n<p>Suzuki GS 850 GL US Modell 1982<\/p>\n<\/div>\t\t\t<a href=\"https:\/\/gs-ig-bayern-opf.de\/?p=1154\" title=\"Werkstatt Zettlitz\" target=\"_self\" class=\"fa_read_more\">weiter lesen<\/a>\t\t\t\t\t<\/div>\r\n\t\t<div class=\"fa_image\"><div class=\"fa-image-container\" ><img class=\"fa_slide_image main-image\" src=\"https:\/\/gs-ig-bayern-opf.de\/wordpress\/wp-content\/uploads\/2023\/09\/20230817_1136541-768x1024.jpg\" width=\"0\" height=\"0\" data-width=\"0\" data-height=\"0\" style=\"\" alt=\"\" \/><\/div><\/div>\t\t\t\r\n\t\t\t\r\n\t<\/div>\t\r\n\t\t<div class=\"fa_slide \" style=\"\">\r\n\t\t\r\n\t\t<div class=\"fa_slide_content\">\t\r\n\t\t\t<h2><a href=\"https:\/\/gs-ig-bayern-opf.de\/?p=1125\" title=\"Garage von HIAS\" target=\"_self\">Garage von HIAS<\/a><\/h2>\t\t\t<div class=\"description\"><p><a href=\"https:\/\/gs-ig-bayern-opf.de\/wordpress\/wp-content\/uploads\/2023\/09\/IMG-20200529-WA0031.jpg\"><\/a><\/p>\n<p><a href=\"https:\/\/gs-ig-bayern-opf.de\/wordpress\/wp-content\/uploads\/2023\/09\/IMG-20200529-WA0047.jpg\"><\/a><\/p>\n<p><a href=\"https:\/\/gs-ig-bayern-opf.de\/wordpress\/wp-content\/uploads\/2023\/09\/101_0628.jpg\"><\/a><\/p>\n<p><a href=\"https:\/\/gs-ig-bayern-opf.de\/wordpress\/wp-content\/uploads\/2023\/09\/101_0630.jpg\"><\/a><\/p>\n<p><a href=\"https:\/\/gs-ig-bayern-opf.de\/wordpress\/wp-content\/uploads\/2023\/09\/Foto-Hof-seitlich.jpg\"><\/a><\/p>\n<p><a href=\"https:\/\/gs-ig-bayern-opf.de\/wordpress\/wp-content\/uploads\/2023\/09\/101_0624.jpg\"><\/a><\/p>\n<p><a href=\"https:\/\/gs-ig-bayern-opf.de\/wordpress\/wp-content\/uploads\/2023\/09\/GS-im-Hof.jpg\"><\/a><\/p>\n<p><a href=\"https:\/\/gs-ig-bayern-opf.de\/wordpress\/wp-content\/uploads\/2023\/09\/GS-1000.jpg\"><\/a><\/p>\n<p><a href=\"https:\/\/gs-ig-bayern-opf.de\/wordpress\/wp-content\/uploads\/2023\/09\/4-scaled.jpg\"><\/a><\/p>\n<p><a href=\"https:\/\/gs-ig-bayern-opf.de\/wordpress\/wp-content\/uploads\/2023\/09\/1-g-Rahmen.jpg\"><\/a><\/p>\n<\/div>\t\t\t<a href=\"https:\/\/gs-ig-bayern-opf.de\/?p=1125\" title=\"Garage von HIAS\" target=\"_self\" class=\"fa_read_more\">weiter lesen<\/a>\t\t\t\t\t<\/div>\r\n\t\t<div class=\"fa_image\"><div class=\"fa-image-container\" ><img class=\"fa_slide_image main-image\" src=\"https:\/\/gs-ig-bayern-opf.de\/wordpress\/wp-content\/uploads\/2023\/09\/IMG-20200529-WA0031-1024x768.jpg\" width=\"0\" height=\"0\" data-width=\"0\" data-height=\"0\" style=\"\" alt=\"\" \/><\/div><\/div>\t\t\t\r\n\t\t\t\r\n\t<\/div>\t\r\n\t\t<div class=\"fa_slide \" style=\"\">\r\n\t\t\r\n\t\t<div class=\"fa_slide_content\">\t\r\n\t\t\t<h2><a href=\"https:\/\/gs-ig-bayern-opf.de\/?p=1118\" title=\"Werkstatt Zettlitz\" target=\"_self\">Werkstatt Zettlitz<\/a><\/h2>\t\t\t<div class=\"description\"><p><a href=\"https:\/\/gs-ig-bayern-opf.de\/wordpress\/wp-content\/uploads\/2023\/07\/20230430_172912-scaled.jpg\"><\/a>GS 850 GL<\/p>\n<p><a href=\"https:\/\/gs-ig-bayern-opf.de\/wordpress\/wp-content\/uploads\/2023\/07\/20230426_194248-scaled.jpg\"><\/a>Neues Airbrush<\/p>\n<p><a href=\"https:\/\/gs-ig-bayern-opf.de\/wordpress\/wp-content\/uploads\/2023\/07\/20230411_183341-scaled.jpg\"><\/a><\/p>\n<p><a href=\"https:\/\/gs-ig-bayern-opf.de\/wordpress\/wp-content\/uploads\/2023\/07\/20230411_183305-scaled.jpg\"><\/a><\/p>\n<p><a href=\"https:\/\/gs-ig-bayern-opf.de\/wordpress\/wp-content\/uploads\/2023\/07\/20230430_172901-scaled.jpg\"><\/a><\/p>\n<\/div>\t\t\t<a href=\"https:\/\/gs-ig-bayern-opf.de\/?p=1118\" title=\"Werkstatt Zettlitz\" target=\"_self\" class=\"fa_read_more\">weiter lesen<\/a>\t\t\t\t\t<\/div>\r\n\t\t<div class=\"fa_image\"><div class=\"fa-image-container\" ><img class=\"fa_slide_image main-image\" src=\"https:\/\/gs-ig-bayern-opf.de\/wordpress\/wp-content\/uploads\/2023\/07\/20230430_172912-768x1024.jpg\" width=\"0\" height=\"0\" data-width=\"0\" data-height=\"0\" style=\"\" alt=\"\" \/><\/div><\/div>\t\t\t\r\n\t\t\t\r\n\t<\/div>\t\r\n\t\t<div class=\"fa_slide \" style=\"\">\r\n\t\t\r\n\t\t<div class=\"fa_slide_content\">\t\r\n\t\t\t<h2><a href=\"https:\/\/gs-ig-bayern-opf.de\/?p=1098\" title=\"Was gibt\u00b4s neues in der Werkstatt Zettlitz\" target=\"_self\">Was gibt\u00b4s neues in der Werkstatt Zettlitz<\/a><\/h2>\t\t\t<div class=\"description\"><p><a href=\"https:\/\/gs-ig-bayern-opf.de\/wordpress\/wp-content\/uploads\/2023\/07\/20221203_133202-scaled.jpg\"><\/a>Suzuki GS 850 G Gespann<\/p>\n<p><a href=\"https:\/\/gs-ig-bayern-opf.de\/wordpress\/wp-content\/uploads\/2023\/07\/20221203_133152-scaled.jpg\"><\/a>15 Zoll Speichenr\u00e4der<\/p>\n<p><a href=\"https:\/\/gs-ig-bayern-opf.de\/wordpress\/wp-content\/uploads\/2023\/07\/20221203_133143-scaled-e1688313439641.jpg\"><\/a>Noch nicht ganz fertig<\/p>\n<\/div>\t\t\t<a href=\"https:\/\/gs-ig-bayern-opf.de\/?p=1098\" title=\"Was gibt\u00b4s neues in der Werkstatt Zettlitz\" target=\"_self\" class=\"fa_read_more\">weiter lesen<\/a>\t\t\t\t\t<\/div>\r\n\t\t<div class=\"fa_image\"><div class=\"fa-image-container\" ><img class=\"fa_slide_image main-image\" src=\"https:\/\/gs-ig-bayern-opf.de\/wordpress\/wp-content\/uploads\/2023\/07\/20221203_133202-1024x768.jpg\" width=\"0\" height=\"0\" data-width=\"0\" data-height=\"0\" style=\"\" alt=\"\" \/><\/div><\/div>\t\t\t\r\n\t\t\t\r\n\t<\/div>\t\r\n\t\t<div class=\"fa_slide \" style=\"\">\r\n\t\t\r\n\t\t<div class=\"fa_slide_content\">\t\r\n\t\t\t<h2><a href=\"https:\/\/gs-ig-bayern-opf.de\/?p=1092\" title=\"Weihnachtsfeier SA 3.Dezember 18 Uhr in Friedenfels\" target=\"_self\">Weihnachtsfeier SA 3.Dezember 18 Uhr in Friedenfels<\/a><\/h2>\t\t\t\t\t\t<a href=\"https:\/\/gs-ig-bayern-opf.de\/?p=1092\" title=\"Weihnachtsfeier SA 3.Dezember 18 Uhr in Friedenfels\" target=\"_self\" class=\"fa_read_more\">weiter lesen<\/a>\t\t\t\t\t<\/div>\r\n\t\t<div class=\"fa_image\"><div class=\"fa-image-container\" ><img class=\"fa_slide_image main-image\" src=\"https:\/\/gs-ig-bayern-opf.de\/wordpress\/wp-content\/uploads\/2015\/06\/20141213_155812-150x150.jpg\" width=\"150\" height=\"150\" data-width=\"150\" data-height=\"150\" style=\"\" alt=\"\" \/><\/div><\/div>\t\t\t\r\n\t\t\t\r\n\t<\/div>\t\r\n\t\t<div class=\"fa_slide \" style=\"\">\r\n\t\t\r\n\t\t<div class=\"fa_slide_content\">\t\r\n\t\t\t<h2><a href=\"https:\/\/gs-ig-bayern-opf.de\/?p=1088\" title=\"Stammtisch  SA 18.Juni  2022 um 19.30 Uhr in Kemnath\/Stadt -  Pizzeria &quot;da Gino&quot;.\" target=\"_self\">Stammtisch  SA 18.Juni  2022 um 19.30 Uhr in Kemnath\/Stadt -  Pizzeria &quot;da Gino&quot;.<\/a><\/h2>\t\t\t\t\t\t<a href=\"https:\/\/gs-ig-bayern-opf.de\/?p=1088\" title=\"Stammtisch  SA 18.Juni  2022 um 19.30 Uhr in Kemnath\/Stadt -  Pizzeria &quot;da Gino&quot;.\" target=\"_self\" class=\"fa_read_more\">weiter lesen<\/a>\t\t\t\t\t<\/div>\r\n\t\t<div class=\"fa_image\"><div class=\"fa-image-container\" ><img class=\"fa_slide_image main-image\" src=\"https:\/\/gs-ig-bayern-opf.de\/wordpress\/wp-content\/uploads\/2021\/09\/da-Gino-Kemnath-Logo-150x150.jpg\" width=\"150\" height=\"150\" data-width=\"150\" data-height=\"150\" style=\"\" alt=\"\" \/><\/div><\/div>\t\t\t\r\n\t\t\t\r\n\t<\/div>\t\r\n\t\t<div class=\"fa_slide \" style=\"\">\r\n\t\t\r\n\t\t<div class=\"fa_slide_content\">\t\r\n\t\t\t<h2><a href=\"https:\/\/gs-ig-bayern-opf.de\/?p=1074\" title=\"STAMMTISCH  SAMSTAG  9. Oktober `21     um  19.15  Uhr,  Pizzeria  &quot;da Gino&quot; ,  Cammerlohplatz 1,  Kemnath-Stadt\" target=\"_self\">STAMMTISCH  SAMSTAG  9. Oktober `21     um  19.15  Uhr,  Pizzeria  &quot;da Gino&quot; ,  Cammerlohplatz 1,  Kemnath-Stadt<\/a><\/h2>\t\t\t\t\t\t<a href=\"https:\/\/gs-ig-bayern-opf.de\/?p=1074\" title=\"STAMMTISCH  SAMSTAG  9. Oktober `21     um  19.15  Uhr,  Pizzeria  &quot;da Gino&quot; ,  Cammerlohplatz 1,  Kemnath-Stadt\" target=\"_self\" class=\"fa_read_more\">weiter lesen<\/a>\t\t\t\t\t<\/div>\r\n\t\t<div class=\"fa_image\"><div class=\"fa-image-container\" ><img class=\"fa_slide_image main-image\" src=\"https:\/\/gs-ig-bayern-opf.de\/wordpress\/wp-content\/uploads\/2021\/09\/da-Gino-Kemnath-Logo-150x150.jpg\" width=\"150\" height=\"150\" data-width=\"150\" data-height=\"150\" style=\"\" alt=\"\" \/><\/div><\/div>\t\t\t\r\n\t\t\t\r\n\t<\/div>\t\r\n\t\t\t\t<div class=\"go-forward\"><\/div>\r\n\t\t<div class=\"go-back\"><\/div>\r\n\t\t\t\t<div class=\"main-nav\">\r\n\t\t\t\t\t\t<a href=\"#\" title=\"\" class=\"fa-nav\"><\/a>\r\n\t\t\t\t\t\t<a href=\"#\" title=\"\" class=\"fa-nav\"><\/a>\r\n\t\t\t\t\t\t<a href=\"#\" title=\"\" class=\"fa-nav\"><\/a>\r\n\t\t\t\t\t\t<a href=\"#\" title=\"\" class=\"fa-nav\"><\/a>\r\n\t\t\t\t\t\t<a href=\"#\" title=\"\" class=\"fa-nav\"><\/a>\r\n\t\t\t\t\t\t<a href=\"#\" title=\"\" class=\"fa-nav\"><\/a>\r\n\t\t\t\t\t\t<a href=\"#\" title=\"\" class=\"fa-nav\"><\/a>\r\n\t\t\t\t\t\t<a href=\"#\" title=\"\" class=\"fa-nav\"><\/a>\r\n\t\t\t\t\t\t<a href=\"#\" title=\"\" class=\"fa-nav\"><\/a>\r\n\t\t\t\t\t\t<a href=\"#\" title=\"\" class=\"fa-nav\"><\/a>\r\n\t\t\t\t\t\r\n\t\t<\/div>\r\n\t\t\t\r\n\t<div class=\"progress-bar\"><!-- slider progress bar --><\/div>\r\n\t\t\r\n<\/div>\n","protected":false},"excerpt":{"rendered":"","protected":false},"author":1,"featured_media":0,"parent":0,"menu_order":0,"comment_status":"closed","ping_status":"closed","template":"","meta":{"ngg_post_thumbnail":0,"footnotes":""},"acf":[],"_links":{"self":[{"href":"https:\/\/gs-ig-bayern-opf.de\/index.php?rest_route=\/wp\/v2\/pages\/13"}],"collection":[{"href":"https:\/\/gs-ig-bayern-opf.de\/index.php?rest_route=\/wp\/v2\/pages"}],"about":[{"href":"https:\/\/gs-ig-bayern-opf.de\/index.php?rest_route=\/wp\/v2\/types\/page"}],"author":[{"embeddable":true,"href":"https:\/\/gs-ig-bayern-opf.de\/index.php?rest_route=\/wp\/v2\/users\/1"}],"replies":[{"embeddable":true,"href":"https:\/\/gs-ig-bayern-opf.de\/index.php?rest_route=%2Fwp%2Fv2%2Fcomments&post=13"}],"version-history":[{"count":10,"href":"https:\/\/gs-ig-bayern-opf.de\/index.php?rest_route=\/wp\/v2\/pages\/13\/revisions"}],"predecessor-version":[{"id":607,"href":"https:\/\/gs-ig-bayern-opf.de\/index.php?rest_route=\/wp\/v2\/pages\/13\/revisions\/607"}],"wp:attachment":[{"href":"https:\/\/gs-ig-bayern-opf.de\/index.php?rest_route=%2Fwp%2Fv2%2Fmedia&parent=13"}],"curies":[{"name":"wp","href":"https:\/\/api.w.org\/{rel}","templated":true}]}}